{"version":"1.0","provider_name":"Istra\u017eivanja u teorijskoj, primijenjenoj i edukacijskoj matematici","provider_url":"https:\/\/projects.pmfst.unist.hr\/itpem","author_name":"slavenm23","author_url":"https:\/\/projects.pmfst.unist.hr\/itpem\/author\/slavenm23\/","title":"Istra\u017eiva\u010dki tim - Istra\u017eivanja u teorijskoj, primijenjenoj i edukacijskoj matematici","type":"rich","width":600,"height":338,"html":"<blockquote class=\"wp-embedded-content\" data-secret=\"w6AOzUM5RA\"><a href=\"https:\/\/projects.pmfst.unist.hr\/itpem\/istrazivacki-tim\/\">Istra\u017eiva\u010dki tim<\/a><\/blockquote><iframe sandbox=\"allow-scripts\" security=\"restricted\" src=\"https:\/\/projects.pmfst.unist.hr\/itpem\/istrazivacki-tim\/embed\/#?secret=w6AOzUM5RA\" width=\"600\" height=\"338\" title=\"&#8220;Istra\u017eiva\u010dki tim&#8221; &#8212; Istra\u017eivanja u teorijskoj, primijenjenoj i edukacijskoj matematici\" data-secret=\"w6AOzUM5RA\" frameborder=\"0\" marginwidth=\"0\" marginheight=\"0\" scrolling=\"no\" class=\"wp-embedded-content\"><\/iframe><script type=\"text\/javascript\">\n\/* <![CDATA[ *\/\n\/*! This file is auto-generated *\/\n!function(d,l){\"use strict\";l.querySelector&&d.addEventListener&&\"undefined\"!=typeof URL&&(d.wp=d.wp||{},d.wp.receiveEmbedMessage||(d.wp.receiveEmbedMessage=function(e){var t=e.data;if((t||t.secret||t.message||t.value)&&!\/[^a-zA-Z0-9]\/.test(t.secret)){for(var s,r,n,a=l.querySelectorAll('iframe[data-secret=\"'+t.secret+'\"]'),o=l.querySelectorAll('blockquote[data-secret=\"'+t.secret+'\"]'),c=new RegExp(\"^https?:$\",\"i\"),i=0;i<o.length;i++)o[i].style.display=\"none\";for(i=0;i<a.length;i++)s=a[i],e.source===s.contentWindow&&(s.removeAttribute(\"style\"),\"height\"===t.message?(1e3<(r=parseInt(t.value,10))?r=1e3:~~r<200&&(r=200),s.height=r):\"link\"===t.message&&(r=new URL(s.getAttribute(\"src\")),n=new URL(t.value),c.test(n.protocol))&&n.host===r.host&&l.activeElement===s&&(d.top.location.href=t.value))}},d.addEventListener(\"message\",d.wp.receiveEmbedMessage,!1),l.addEventListener(\"DOMContentLoaded\",function(){for(var e,t,s=l.querySelectorAll(\"iframe.wp-embedded-content\"),r=0;r<s.length;r++)(t=(e=s[r]).getAttribute(\"data-secret\"))||(t=Math.random().toString(36).substring(2,12),e.src+=\"#?secret=\"+t,e.setAttribute(\"data-secret\",t)),e.contentWindow.postMessage({message:\"ready\",secret:t},\"*\")},!1)))}(window,document);\n\/\/# sourceURL=https:\/\/projects.pmfst.unist.hr\/itpem\/wp-includes\/js\/wp-embed.min.js\n\/* ]]> *\/\n<\/script>\n","description":"[vc_row][vc_column][mk_table] Voditelj projekta: Damir Vuki\u010devi\u0107 \u010clanovi projekta: Milica Klari\u010di\u0107 Bakula Nikola Kocei\u0107 Bilan Borka Jadrijevi\u0107 Jurica Peri\u0107 Marija Bliznac Trebje\u0161anin Snje\u017eana Brai\u0107 Goran Erceg Dino Peran Domagoj Jeli\u0107 Ivan Jeli\u0107 Jelena Ple\u0161tina Stipe Mari\u0107 Ton\u0107i Crmari\u0107 Pavao Radi\u0107 Lucija Gugi\u0107 [\/mk_table][\/vc_column][\/vc_row]"}